{"id":701,"date":"2023-02-05T05:02:34","date_gmt":"2023-02-05T05:02:34","guid":{"rendered":"https:\/\/ezequielfloresinmobiliaria.com\/index.php\/politica-de-privacidad\/"},"modified":"2024-04-11T21:58:31","modified_gmt":"2024-04-11T21:58:31","slug":"politica-de-privacidad","status":"publish","type":"page","link":"https:\/\/ezequielfloresinmobiliaria.com\/index.php\/politica-de-privacidad\/","title":{"rendered":"Pol\u00edtica de privacidad"},"content":{"rendered":"\n<h1 class=\"wp-block-heading\">pol\u00edtica de privacidad<\/h1>\n\n\n\n<p><strong>\u00daltima actualizaci\u00f3n: 11 de Abril de 2024<\/strong><\/p>\n\n\n\n<p>Esta Pol\u00edtica de privacidad describe Nuestras pol\u00edticas y procedimientos sobre la recopilaci\u00f3n, el uso y la divulgaci\u00f3n de Su informaci\u00f3n cuando utiliza el Servicio y le informa sobre Sus derechos de privacidad y c\u00f3mo la ley lo protege.<\/p>\n\n\n\n<h2 class=\"wp-block-heading\">Interpretaci\u00f3n y Definiciones<\/h2>\n\n\n\n<h3 class=\"wp-block-heading\">Interpretaci\u00f3n<\/h3>\n\n\n\n<p>Las palabras cuya letra inicial est\u00e1 en may\u00fascula tienen significados definidos bajo las siguientes condiciones. Las siguientes definiciones tendr\u00e1n el mismo significado independientemente de que aparezcan en singular o en plural.<\/p>\n\n\n\n<h3 class=\"wp-block-heading\">Definiciones<\/h3>\n\n\n\n<p><strong>A los efectos de esta Pol\u00edtica de Privacidad:<\/strong><\/p>\n\n\n\n<ul class=\"wp-block-list\">\n<li><strong>Cuenta<\/strong>: significa una cuenta \u00fanica creada para que Usted acceda a nuestro Servicio o partes de nuestro Servicio.<\/li>\n\n\n\n<li><strong>Afiliado<\/strong>: significa una entidad que controla, es controlada o est\u00e1 bajo control com\u00fan con una parte, donde \u00abcontrol\u00bb significa la propiedad del 50% o m\u00e1s de las acciones, participaci\u00f3n accionaria u otros valores con derecho a voto para la elecci\u00f3n de directores u otra autoridad administrativa.<\/li>\n\n\n\n<li><strong>La Compa\u00f1\u00eda<\/strong>: (referida como \u00abla Compa\u00f1\u00eda\u00bb, \u00abNosotros\u00bb, \u00abNos\u00bb o \u00abNuestro\u00bb en este Acuerdo) se refiere a Inmobiliaria Ezequiel Flores, Italia 1035, Jes\u00fas Mar\u00eda, C\u00f3rdoba.<\/li>\n\n\n\n<li><strong>Las cookies<\/strong>: son peque\u00f1os archivos que un sitio web coloca en su computadora, dispositivo m\u00f3vil o cualquier otro dispositivo, y que contienen los detalles de su historial de navegaci\u00f3n en ese sitio web entre sus muchos usos.<\/li>\n\n\n\n<li><strong>Pa\u00eds<\/strong>: se refiere a: Argentina<\/li>\n\n\n\n<li><strong>Dispositivo<\/strong>: significa cualquier dispositivo que pueda acceder al Servicio, como una computadora, un tel\u00e9fono celular o una tableta digital.<\/li>\n\n\n\n<li><strong>Los datos personales<\/strong>: son cualquier informaci\u00f3n que se relaciona con un individuo identificado o identificable.<\/li>\n\n\n\n<li><strong>Servicio<\/strong>: se refiere al sitio web.<\/li>\n\n\n\n<li><strong>Proveedor de servicios<\/strong>: significa cualquier persona f\u00edsica o jur\u00eddica que procesa los datos en nombre de la Compa\u00f1\u00eda.<\/li>\n\n\n\n<li><strong>Los Datos de uso<\/strong>: se refieren a los datos recopilados autom\u00e1ticamente, ya sea generados por el uso del Servicio o por la propia infraestructura del Servicio (por ejemplo, la duraci\u00f3n de una visita a la p\u00e1gina).<\/li>\n\n\n\n<li><strong>Website<\/strong>: se refiere a Inmobiliaria Ezequiel Flores, accesible desde ezequielfloresinmobiliaria.com<\/li>\n\n\n\n<li><strong>Usted<\/strong>: se refiere a la persona que accede o utiliza el Servicio, o la empresa u otra entidad legal en nombre de la cual dicha persona accede o utiliza el Servicio, seg\u00fan corresponda.<\/li>\n<\/ul>\n\n\n\n<h2 class=\"wp-block-heading\">Recopilaci\u00f3n y uso de sus datos personales<\/h2>\n\n\n\n<h3 class=\"wp-block-heading\">Tipos de datos recopilados<\/h3>\n\n\n\n<h4 class=\"wp-block-heading\">Informaci\u00f3n personal<\/h4>\n\n\n\n<p>Mientras usa Nuestro Servicio, podemos pedirle que nos proporcione cierta informaci\u00f3n de identificaci\u00f3n personal que se puede usar para contactarlo o identificarlo. La informaci\u00f3n de identificaci\u00f3n personal puede incluir, entre otros:<\/p>\n\n\n\n<ul class=\"wp-block-list\">\n<li>Direcci\u00f3n de correo electr\u00f3nico<\/li>\n\n\n\n<li>Nombre y apellido<\/li>\n\n\n\n<li>N\u00famero de tel\u00e9fono<\/li>\n<\/ul>\n\n\n\n<h4 class=\"wp-block-heading\">Datos de uso<\/h4>\n\n\n\n<p>Los Datos de uso se recopilan autom\u00e1ticamente cuando se utiliza el Servicio.<\/p>\n\n\n\n<p>Los datos de uso pueden incluir informaci\u00f3n como la direcci\u00f3n del protocolo de Internet de su dispositivo (por ejemplo, la direcci\u00f3n IP), el tipo de navegador, la versi\u00f3n del navegador, las p\u00e1ginas de nuestro Servicio que visita, la hora y la fecha de su visita, el tiempo dedicado a esas p\u00e1ginas, dispositivo \u00fanico identificadores y otros datos de diagn\u00f3stico.<\/p>\n\n\n\n<p>Cuando accede al Servicio a trav\u00e9s de un dispositivo m\u00f3vil, podemos recopilar cierta informaci\u00f3n autom\u00e1ticamente, que incluye, entre otros, el tipo de dispositivo m\u00f3vil que utiliza, la identificaci\u00f3n \u00fanica de su dispositivo m\u00f3vil, la direcci\u00f3n IP de su dispositivo m\u00f3vil, su sistema operativo, el tipo de navegador de Internet m\u00f3vil que utiliza, identificadores \u00fanicos de dispositivos y otros datos de diagn\u00f3stico.<\/p>\n\n\n\n<p>Tambi\u00e9n podemos recopilar informaci\u00f3n que su navegador env\u00eda cada vez que visita nuestro Servicio o cuando accede al Servicio a trav\u00e9s de un dispositivo m\u00f3vil.<\/p>\n\n\n\n<h2 class=\"wp-block-heading\">Tecnolog\u00edas de seguimiento y cookies<\/h2>\n\n\n\n<p>Usamos Cookies y tecnolog\u00edas de seguimiento similares para rastrear la actividad en Nuestro Servicio y almacenar cierta informaci\u00f3n.<\/p>\n\n\n\n<h2 class=\"wp-block-heading\">Uso de sus datos personales<\/h2>\n\n\n\n<p>La Compa\u00f1\u00eda puede utilizar los Datos Personales para los siguientes fines:<\/p>\n\n\n\n<ul class=\"wp-block-list\">\n<li>Para proporcionar y mantener nuestro Servicio<\/li>\n\n\n\n<li>Para gestionar Su Cuenta<\/li>\n\n\n\n<li>Para la ejecuci\u00f3n de un contrato<\/li>\n\n\n\n<li>Para contactarlo<\/li>\n\n\n\n<li>Para proporcionarle noticias, ofertas especiales e informaci\u00f3n general sobre otros bienes, servicios y eventos que ofrecemos que son similares a los que ya compr\u00f3 o pregunt\u00f3, a menos que haya optado por no recibir dicha informaci\u00f3n.<\/li>\n\n\n\n<li>Para gestionar Sus solicitudes: Para atender y gestionar Sus solicitudes hacia Nosotros.<\/li>\n\n\n\n<li>Para transferencias comerciales: podemos usar su informaci\u00f3n para evaluar o realizar una fusi\u00f3n, venta, reestructuraci\u00f3n, reorganizaci\u00f3n, disoluci\u00f3n u otra venta o transferencia de algunos o todos nuestros activos, ya sea como una empresa en marcha o como parte de una quiebra, liquidaci\u00f3n, o procedimiento similar, en el que los Datos personales que tenemos sobre los usuarios de nuestro Servicio se encuentran entre los activos transferidos.<\/li>\n\n\n\n<li>Para otros fines: podemos utilizar su informaci\u00f3n para otros fines, como el an\u00e1lisis de datos, la identificaci\u00f3n de tendencias de uso, la determinaci\u00f3n de la eficacia de nuestras campa\u00f1as promocionales y para evaluar y mejorar nuestro Servicio, productos, servicios, marketing y su experiencia.<\/li>\n\n\n\n<li>Podemos compartir su informaci\u00f3n personal en las siguientes situaciones:<\/li>\n\n\n\n<li>Con Proveedores de Servicios: Podemos compartir Su informaci\u00f3n personal con Proveedores de Servicios para monitorear y analizar el uso de nuestro Servicio, para contactarlo.<\/li>\n\n\n\n<li>Para transferencias comerciales: Podemos compartir o transferir Su informaci\u00f3n personal en relaci\u00f3n con, o durante las negociaciones de, cualquier fusi\u00f3n, venta de activos de la Compa\u00f1\u00eda, financiamiento o adquisici\u00f3n de todo o una parte de Nuestro negocio a otra compa\u00f1\u00eda.<\/li>\n\n\n\n<li>Con afiliados: podemos compartir su informaci\u00f3n con nuestros afiliados, en cuyo caso exigiremos a esos afiliados que respeten esta Pol\u00edtica de privacidad. Los afiliados incluyen nuestra empresa matriz y cualquier otra subsidiaria, socios de empresas conjuntas u otras empresas que controlamos o que est\u00e1n bajo control com\u00fan con nosotros.<\/li>\n\n\n\n<li>Con socios comerciales: Podemos compartir Su informaci\u00f3n con Nuestros socios comerciales para ofrecerle ciertos productos, servicios o promociones.<\/li>\n\n\n\n<li>Con otros usuarios: cuando comparte informaci\u00f3n personal o interact\u00faa en las \u00e1reas p\u00fablicas con otros usuarios, dicha informaci\u00f3n puede ser vista por todos los usuarios y puede distribuirse p\u00fablicamente al exterior.<\/li>\n\n\n\n<li>Con su consentimiento: podemos divulgar su informaci\u00f3n personal para cualquier otro prop\u00f3sito con su consentimiento.<\/li>\n<\/ul>\n\n\n\n<h2 class=\"wp-block-heading\">Retenci\u00f3n de sus datos personales<\/h2>\n\n\n\n<p>La Compa\u00f1\u00eda conservar\u00e1 sus Datos personales solo durante el tiempo que sea necesario para los fines establecidos en esta Pol\u00edtica de privacidad. Conservaremos y utilizaremos sus datos personales en la medida necesaria para cumplir con nuestras obligaciones legales (por ejemplo, si estamos obligados a conservar sus datos para cumplir con las leyes aplicables), resolver disputas y hacer cumplir nuestros acuerdos y pol\u00edticas legales.<\/p>\n\n\n\n<p>La Compa\u00f1\u00eda tambi\u00e9n conservar\u00e1 los Datos de uso para fines de an\u00e1lisis interno. Los Datos de uso generalmente se retienen por un per\u00edodo de tiempo m\u00e1s corto, excepto cuando estos datos se utilizan para fortalecer la seguridad o mejorar la funcionalidad de Nuestro Servicio, o cuando estamos legalmente obligados a retener estos datos por per\u00edodos de tiempo m\u00e1s largos.<\/p>\n\n\n\n<h2 class=\"wp-block-heading\">Transferencia de sus datos personales<\/h2>\n\n\n\n<p>Su informaci\u00f3n, incluidos los Datos personales, se procesa en las oficinas operativas de la Compa\u00f1\u00eda y en cualquier otro lugar donde se encuentren las partes involucradas en el procesamiento. Significa que esta informaci\u00f3n puede transferirse y mantenerse en computadoras ubicadas fuera de Su estado, provincia, pa\u00eds u otra jurisdicci\u00f3n gubernamental donde las leyes de protecci\u00f3n de datos pueden diferir de las de Su jurisdicci\u00f3n.<\/p>\n\n\n\n<p>Su consentimiento a esta Pol\u00edtica de privacidad seguido de Su env\u00edo de dicha informaci\u00f3n representa Su acuerdo con esa transferencia.<\/p>\n\n\n\n<p>La Compa\u00f1\u00eda tomar\u00e1 todas las medidas razonablemente necesarias para garantizar que sus datos se traten de forma segura y de acuerdo con esta Pol\u00edtica de privacidad y no se realizar\u00e1 ninguna transferencia de sus datos personales a una organizaci\u00f3n o pa\u00eds, a menos que existan controles adecuados establecidos, incluida la seguridad de Sus datos y otra informaci\u00f3n personal.<\/p>\n\n\n\n<h2 class=\"wp-block-heading\">Eliminar sus datos personales<\/h2>\n\n\n\n<p>Tiene derecho a eliminar o solicitar que lo ayudemos a eliminar los Datos personales que hemos recopilado sobre usted.<\/p>\n\n\n\n<p>Nuestro Servicio puede darle la capacidad de eliminar cierta informaci\u00f3n sobre Usted desde el Servicio.<\/p>\n\n\n\n<p>Puede actualizar, modificar o eliminar su informaci\u00f3n en cualquier momento iniciando sesi\u00f3n en su cuenta, si tiene una, y visitando la secci\u00f3n de configuraci\u00f3n de la cuenta que le permite administrar su informaci\u00f3n personal. Tambi\u00e9n puede comunicarse con nosotros para solicitar acceso, corregir o eliminar cualquier informaci\u00f3n personal que nos haya proporcionado.<\/p>\n\n\n\n<p>Sin embargo, tenga en cuenta que es posible que necesitemos conservar cierta informaci\u00f3n cuando tengamos una obligaci\u00f3n legal o una base legal para hacerlo.<\/p>\n\n\n\n<h2 class=\"wp-block-heading\">Divulgaci\u00f3n de sus datos personales<\/h2>\n\n\n\n<h3 class=\"wp-block-heading\">Transacciones de negocios<\/h3>\n\n\n\n<p>Si la Compa\u00f1\u00eda est\u00e1 involucrada en una fusi\u00f3n, adquisici\u00f3n o venta de activos, Sus Datos personales pueden transferirse. Le enviaremos un aviso antes de que sus Datos personales se transfieran y queden sujetos a una Pol\u00edtica de privacidad diferente.<\/p>\n\n\n\n<h3 class=\"wp-block-heading\">Cumplimiento de la ley<\/h3>\n\n\n\n<p>En determinadas circunstancias, es posible que se le solicite a la Compa\u00f1\u00eda que divulgue sus Datos personales si as\u00ed lo exige la ley o en respuesta a solicitudes v\u00e1lidas de las autoridades p\u00fablicas (por ejemplo, un tribunal o una agencia gubernamental).<\/p>\n\n\n\n<h3 class=\"wp-block-heading\">Otros requisitos legales<\/h3>\n\n\n\n<p>La Compa\u00f1\u00eda puede divulgar sus datos personales de buena fe cuando considere que esta acci\u00f3n es necesaria para lo siguiente:<\/p>\n\n\n\n<ul class=\"wp-block-list\">\n<li>Cumplir con una obligaci\u00f3n legal<\/li>\n\n\n\n<li>Proteger y defender los derechos o propiedad de la Compa\u00f1\u00eda<\/li>\n\n\n\n<li>Prevenir o investigar posibles irregularidades en relaci\u00f3n con el Servicio<\/li>\n\n\n\n<li>Proteger la seguridad personal de los Usuarios del Servicio o del p\u00fablico<\/li>\n\n\n\n<li>Prot\u00e9jase contra la responsabilidad legal<\/li>\n<\/ul>\n\n\n\n<h2 class=\"wp-block-heading\">Seguridad de sus datos personales<\/h2>\n\n\n\n<p>La seguridad de sus datos personales es importante para nosotros, pero recuerde que ning\u00fan m\u00e9todo de transmisi\u00f3n por Internet o m\u00e9todo de almacenamiento electr\u00f3nico es 100 % seguro. Si bien nos esforzamos por utilizar medios comercialmente aceptables para proteger sus datos personales, no podemos garantizar su seguridad absoluta.<\/p>\n\n\n\n<h2 class=\"wp-block-heading\">Privacidad de los ni\u00f1os<\/h2>\n\n\n\n<p>Nuestro Servicio no se dirige a ninguna persona menor de 13 a\u00f1os. No recopilamos a sabiendas informaci\u00f3n de identificaci\u00f3n personal de ninguna persona menor de 13 a\u00f1os. Si usted es un padre o tutor y sabe que su hijo nos ha proporcionado Datos personales, por favor Cont\u00e1ctenos. Si nos damos cuenta de que hemos recopilado Datos personales de cualquier persona menor de 13 a\u00f1os sin verificaci\u00f3n del consentimiento de los padres, tomamos medidas para eliminar esa informaci\u00f3n de Nuestros servidores.<\/p>\n\n\n\n<p>Si necesitamos basarnos en el consentimiento como base legal para procesar su informaci\u00f3n y su pa\u00eds requiere el consentimiento de uno de sus padres, podemos solicitar el consentimiento de su padre antes de recopilar y usar esa informaci\u00f3n.<\/p>\n\n\n\n<h2 class=\"wp-block-heading\">Enlaces a otros sitios web<\/h2>\n\n\n\n<p>Nuestro Servicio puede contener enlaces a otros sitios web que no son operados por Nosotros. Si hace clic en el enlace de un tercero, ser\u00e1 dirigido al sitio de ese tercero. Le recomendamos encarecidamente que revise la Pol\u00edtica de privacidad de cada sitio que visite.<\/p>\n\n\n\n<p>No tenemos control ni asumimos ninguna responsabilidad por el contenido, las pol\u00edticas de privacidad o las pr\u00e1cticas de los sitios o servicios de terceros.<\/p>\n\n\n\n<h2 class=\"wp-block-heading\">Cambios a esta Pol\u00edtica de Privacidad<\/h2>\n\n\n\n<p>Es posible que actualicemos nuestra Pol\u00edtica de privacidad de vez en cuando. Le notificaremos cualquier cambio publicando la nueva Pol\u00edtica de privacidad en esta p\u00e1gina.<\/p>\n\n\n\n<p>Le informaremos por correo electr\u00f3nico y\/o un aviso destacado en Nuestro Servicio, antes de que el cambio entre en vigencia y actualizaremos la fecha de \u00ab\u00daltima actualizaci\u00f3n\u00bb en la parte superior de esta Pol\u00edtica de privacidad.<\/p>\n\n\n\n<p>Se le recomienda revisar esta Pol\u00edtica de Privacidad peri\u00f3dicamente para cualquier cambio. Los cambios a esta Pol\u00edtica de privacidad son efectivos cuando se publican en esta p\u00e1gina.<\/p>\n\n\n\n<h2 class=\"wp-block-heading\">Cont\u00e1ctenos<\/h2>\n\n\n\n<p>Si tiene alguna pregunta sobre esta Pol\u00edtica de privacidad, puede contactarnos:<\/p>\n\n\n\n<p>Por correo electr\u00f3nico: <a>ezequielfloresinmobiliaria@gmail.com<\/a><\/p>\n","protected":false},"excerpt":{"rendered":"<p>pol\u00edtica de privacidad \u00daltima actualizaci\u00f3n: 11 de Abril de 2024 Esta Pol\u00edtica de privacidad describe Nuestras pol\u00edticas y procedimientos sobre la recopilaci\u00f3n, el uso y la divulgaci\u00f3n de Su informaci\u00f3n cuando utiliza el Servicio y le informa sobre Sus derechos de privacidad y c\u00f3mo la ley lo protege. Interpretaci\u00f3n y Definiciones Interpretaci\u00f3n Las palabras cuya [&hellip;]<\/p>\n","protected":false},"author":1,"featured_media":0,"parent":0,"menu_order":0,"comment_status":"closed","ping_status":"closed","template":"","meta":{"_uag_custom_page_level_css":"","site-sidebar-layout":"default","site-content-layout":"","ast-site-content-layout":"default","site-content-style":"default","site-sidebar-style":"default","ast-global-header-display":"","ast-banner-title-visibility":"","ast-main-header-display":"","ast-hfb-above-header-display":"","ast-hfb-below-header-display":"","ast-hfb-mobile-header-display":"","site-post-title":"","ast-breadcrumbs-content":"","ast-featured-img":"","footer-sml-layout":"","ast-disable-related-posts":"","theme-transparent-header-meta":"","adv-header-id-meta":"","stick-header-meta":"","header-above-stick-meta":"","header-main-stick-meta":"","header-below-stick-meta":"","astra-migrate-meta-layouts":"default","ast-page-background-enabled":"default","ast-page-background-meta":{"desktop":{"background-color":"var(--ast-global-color-4)","background-image":"","background-repeat":"repeat","background-position":"center center","background-size":"auto","background-attachment":"scroll","background-type":"","background-media":"","overlay-type":"","overlay-color":"","overlay-opacity":"","overlay-gradient":""},"tablet":{"background-color":"","background-image":"","background-repeat":"repeat","background-position":"center center","background-size":"auto","background-attachment":"scroll","background-type":"","background-media":"","overlay-type":"","overlay-color":"","overlay-opacity":"","overlay-gradient":""},"mobile":{"background-color":"","background-image":"","background-repeat":"repeat","background-position":"center center","background-size":"auto","background-attachment":"scroll","background-type":"","background-media":"","overlay-type":"","overlay-color":"","overlay-opacity":"","overlay-gradient":""}},"ast-content-background-meta":{"desktop":{"background-color":"var(--ast-global-color-5)","background-image":"","background-repeat":"repeat","background-position":"center center","background-size":"auto","background-attachment":"scroll","background-type":"","background-media":"","overlay-type":"","overlay-color":"","overlay-opacity":"","overlay-gradient":""},"tablet":{"background-color":"var(--ast-global-color-5)","background-image":"","background-repeat":"repeat","background-position":"center center","background-size":"auto","background-attachment":"scroll","background-type":"","background-media":"","overlay-type":"","overlay-color":"","overlay-opacity":"","overlay-gradient":""},"mobile":{"background-color":"var(--ast-global-color-5)","background-image":"","background-repeat":"repeat","background-position":"center center","background-size":"auto","background-attachment":"scroll","background-type":"","background-media":"","overlay-type":"","overlay-color":"","overlay-opacity":"","overlay-gradient":""}},"footnotes":""},"class_list":["post-701","page","type-page","status-publish","hentry"],"yoast_head":"<!-- This site is optimized with the Yoast SEO plugin v27.5 - https:\/\/yoast.com\/product\/yoast-seo-wordpress\/ -->\n<title>Pol\u00edtica de privacidad - Ezequiel Flores - Inmobiliaria<\/title>\n<meta name=\"robots\" content=\"index, follow, max-snippet:-1, max-image-preview:large, max-video-preview:-1\" \/>\n<link rel=\"canonical\" href=\"https:\/\/ezequielfloresinmobiliaria.com\/index.php\/politica-de-privacidad\/\" \/>\n<meta property=\"og:locale\" content=\"es_ES\" \/>\n<meta property=\"og:type\" content=\"article\" \/>\n<meta property=\"og:title\" content=\"Pol\u00edtica de privacidad - Ezequiel Flores - Inmobiliaria\" \/>\n<meta property=\"og:description\" content=\"pol\u00edtica de privacidad \u00daltima actualizaci\u00f3n: 11 de Abril de 2024 Esta Pol\u00edtica de privacidad describe Nuestras pol\u00edticas y procedimientos sobre la recopilaci\u00f3n, el uso y la divulgaci\u00f3n de Su informaci\u00f3n cuando utiliza el Servicio y le informa sobre Sus derechos de privacidad y c\u00f3mo la ley lo protege. Interpretaci\u00f3n y Definiciones Interpretaci\u00f3n Las palabras cuya [&hellip;]\" \/>\n<meta property=\"og:url\" content=\"https:\/\/ezequielfloresinmobiliaria.com\/index.php\/politica-de-privacidad\/\" \/>\n<meta property=\"og:site_name\" content=\"Ezequiel Flores - Inmobiliaria\" \/>\n<meta property=\"article:publisher\" content=\"https:\/\/www.facebook.com\/ezequiel.flores.718\" \/>\n<meta property=\"article:modified_time\" content=\"2024-04-11T21:58:31+00:00\" \/>\n<meta name=\"twitter:card\" content=\"summary_large_image\" \/>\n<meta name=\"twitter:label1\" content=\"Tiempo de lectura\" \/>\n\t<meta name=\"twitter:data1\" content=\"10 minutos\" \/>\n<script type=\"application\/ld+json\" class=\"yoast-schema-graph\">{\"@context\":\"https:\\\/\\\/schema.org\",\"@graph\":[{\"@type\":\"WebPage\",\"@id\":\"https:\\\/\\\/ezequielfloresinmobiliaria.com\\\/index.php\\\/politica-de-privacidad\\\/\",\"url\":\"https:\\\/\\\/ezequielfloresinmobiliaria.com\\\/index.php\\\/politica-de-privacidad\\\/\",\"name\":\"Pol\u00edtica de privacidad - Ezequiel Flores - Inmobiliaria\",\"isPartOf\":{\"@id\":\"https:\\\/\\\/ezequielfloresinmobiliaria.com\\\/#website\"},\"datePublished\":\"2023-02-05T05:02:34+00:00\",\"dateModified\":\"2024-04-11T21:58:31+00:00\",\"breadcrumb\":{\"@id\":\"https:\\\/\\\/ezequielfloresinmobiliaria.com\\\/index.php\\\/politica-de-privacidad\\\/#breadcrumb\"},\"inLanguage\":\"es\",\"potentialAction\":[{\"@type\":\"ReadAction\",\"target\":[\"https:\\\/\\\/ezequielfloresinmobiliaria.com\\\/index.php\\\/politica-de-privacidad\\\/\"]}]},{\"@type\":\"BreadcrumbList\",\"@id\":\"https:\\\/\\\/ezequielfloresinmobiliaria.com\\\/index.php\\\/politica-de-privacidad\\\/#breadcrumb\",\"itemListElement\":[{\"@type\":\"ListItem\",\"position\":1,\"name\":\"Portada\",\"item\":\"https:\\\/\\\/ezequielfloresinmobiliaria.com\\\/\"},{\"@type\":\"ListItem\",\"position\":2,\"name\":\"Pol\u00edtica de privacidad\"}]},{\"@type\":\"WebSite\",\"@id\":\"https:\\\/\\\/ezequielfloresinmobiliaria.com\\\/#website\",\"url\":\"https:\\\/\\\/ezequielfloresinmobiliaria.com\\\/\",\"name\":\"Ezequiel Flores - Inmobiliaria\",\"description\":\"Inversiones Inmobiliarias en Jes\u00fas Mar\u00eda y alrededores\",\"publisher\":{\"@id\":\"https:\\\/\\\/ezequielfloresinmobiliaria.com\\\/#organization\"},\"potentialAction\":[{\"@type\":\"SearchAction\",\"target\":{\"@type\":\"EntryPoint\",\"urlTemplate\":\"https:\\\/\\\/ezequielfloresinmobiliaria.com\\\/?s={search_term_string}\"},\"query-input\":{\"@type\":\"PropertyValueSpecification\",\"valueRequired\":true,\"valueName\":\"search_term_string\"}}],\"inLanguage\":\"es\"},{\"@type\":\"Organization\",\"@id\":\"https:\\\/\\\/ezequielfloresinmobiliaria.com\\\/#organization\",\"name\":\"Ezequiel Flores - Inmobiliaria\",\"url\":\"https:\\\/\\\/ezequielfloresinmobiliaria.com\\\/\",\"logo\":{\"@type\":\"ImageObject\",\"inLanguage\":\"es\",\"@id\":\"https:\\\/\\\/ezequielfloresinmobiliaria.com\\\/#\\\/schema\\\/logo\\\/image\\\/\",\"url\":\"https:\\\/\\\/ezequielfloresinmobiliaria.com\\\/wp-content\\\/uploads\\\/2025\\\/06\\\/Inmobiliaria.png\",\"contentUrl\":\"https:\\\/\\\/ezequielfloresinmobiliaria.com\\\/wp-content\\\/uploads\\\/2025\\\/06\\\/Inmobiliaria.png\",\"width\":1122,\"height\":1181,\"caption\":\"Ezequiel Flores - Inmobiliaria\"},\"image\":{\"@id\":\"https:\\\/\\\/ezequielfloresinmobiliaria.com\\\/#\\\/schema\\\/logo\\\/image\\\/\"},\"sameAs\":[\"https:\\\/\\\/www.facebook.com\\\/ezequiel.flores.718\",\"https:\\\/\\\/www.instagram.com\\\/ezequielflores_inmobiliaria\\\/\"]}]}<\/script>\n<!-- \/ Yoast SEO plugin. -->","yoast_head_json":{"title":"Pol\u00edtica de privacidad - Ezequiel Flores - Inmobiliaria","robots":{"index":"index","follow":"follow","max-snippet":"max-snippet:-1","max-image-preview":"max-image-preview:large","max-video-preview":"max-video-preview:-1"},"canonical":"https:\/\/ezequielfloresinmobiliaria.com\/index.php\/politica-de-privacidad\/","og_locale":"es_ES","og_type":"article","og_title":"Pol\u00edtica de privacidad - Ezequiel Flores - Inmobiliaria","og_description":"pol\u00edtica de privacidad \u00daltima actualizaci\u00f3n: 11 de Abril de 2024 Esta Pol\u00edtica de privacidad describe Nuestras pol\u00edticas y procedimientos sobre la recopilaci\u00f3n, el uso y la divulgaci\u00f3n de Su informaci\u00f3n cuando utiliza el Servicio y le informa sobre Sus derechos de privacidad y c\u00f3mo la ley lo protege. Interpretaci\u00f3n y Definiciones Interpretaci\u00f3n Las palabras cuya [&hellip;]","og_url":"https:\/\/ezequielfloresinmobiliaria.com\/index.php\/politica-de-privacidad\/","og_site_name":"Ezequiel Flores - Inmobiliaria","article_publisher":"https:\/\/www.facebook.com\/ezequiel.flores.718","article_modified_time":"2024-04-11T21:58:31+00:00","twitter_card":"summary_large_image","twitter_misc":{"Tiempo de lectura":"10 minutos"},"schema":{"@context":"https:\/\/schema.org","@graph":[{"@type":"WebPage","@id":"https:\/\/ezequielfloresinmobiliaria.com\/index.php\/politica-de-privacidad\/","url":"https:\/\/ezequielfloresinmobiliaria.com\/index.php\/politica-de-privacidad\/","name":"Pol\u00edtica de privacidad - Ezequiel Flores - Inmobiliaria","isPartOf":{"@id":"https:\/\/ezequielfloresinmobiliaria.com\/#website"},"datePublished":"2023-02-05T05:02:34+00:00","dateModified":"2024-04-11T21:58:31+00:00","breadcrumb":{"@id":"https:\/\/ezequielfloresinmobiliaria.com\/index.php\/politica-de-privacidad\/#breadcrumb"},"inLanguage":"es","potentialAction":[{"@type":"ReadAction","target":["https:\/\/ezequielfloresinmobiliaria.com\/index.php\/politica-de-privacidad\/"]}]},{"@type":"BreadcrumbList","@id":"https:\/\/ezequielfloresinmobiliaria.com\/index.php\/politica-de-privacidad\/#breadcrumb","itemListElement":[{"@type":"ListItem","position":1,"name":"Portada","item":"https:\/\/ezequielfloresinmobiliaria.com\/"},{"@type":"ListItem","position":2,"name":"Pol\u00edtica de privacidad"}]},{"@type":"WebSite","@id":"https:\/\/ezequielfloresinmobiliaria.com\/#website","url":"https:\/\/ezequielfloresinmobiliaria.com\/","name":"Ezequiel Flores - Inmobiliaria","description":"Inversiones Inmobiliarias en Jes\u00fas Mar\u00eda y alrededores","publisher":{"@id":"https:\/\/ezequielfloresinmobiliaria.com\/#organization"},"potentialAction":[{"@type":"SearchAction","target":{"@type":"EntryPoint","urlTemplate":"https:\/\/ezequielfloresinmobiliaria.com\/?s={search_term_string}"},"query-input":{"@type":"PropertyValueSpecification","valueRequired":true,"valueName":"search_term_string"}}],"inLanguage":"es"},{"@type":"Organization","@id":"https:\/\/ezequielfloresinmobiliaria.com\/#organization","name":"Ezequiel Flores - Inmobiliaria","url":"https:\/\/ezequielfloresinmobiliaria.com\/","logo":{"@type":"ImageObject","inLanguage":"es","@id":"https:\/\/ezequielfloresinmobiliaria.com\/#\/schema\/logo\/image\/","url":"https:\/\/ezequielfloresinmobiliaria.com\/wp-content\/uploads\/2025\/06\/Inmobiliaria.png","contentUrl":"https:\/\/ezequielfloresinmobiliaria.com\/wp-content\/uploads\/2025\/06\/Inmobiliaria.png","width":1122,"height":1181,"caption":"Ezequiel Flores - Inmobiliaria"},"image":{"@id":"https:\/\/ezequielfloresinmobiliaria.com\/#\/schema\/logo\/image\/"},"sameAs":["https:\/\/www.facebook.com\/ezequiel.flores.718","https:\/\/www.instagram.com\/ezequielflores_inmobiliaria\/"]}]}},"uagb_featured_image_src":{"full":false,"thumbnail":false,"medium":false,"medium_large":false,"large":false,"1536x1536":false,"2048x2048":false},"uagb_author_info":{"display_name":"muruanegocios","author_link":"https:\/\/ezequielfloresinmobiliaria.com\/index.php\/author\/muruanegocios\/"},"uagb_comment_info":0,"uagb_excerpt":"pol\u00edtica de privacidad \u00daltima actualizaci\u00f3n: 11 de Abril de 2024 Esta Pol\u00edtica de privacidad describe Nuestras pol\u00edticas y procedimientos sobre la recopilaci\u00f3n, el uso y la divulgaci\u00f3n de Su informaci\u00f3n cuando utiliza el Servicio y le informa sobre Sus derechos de privacidad y c\u00f3mo la ley lo protege. Interpretaci\u00f3n y Definiciones Interpretaci\u00f3n Las palabras cuya&hellip;","_links":{"self":[{"href":"https:\/\/ezequielfloresinmobiliaria.com\/index.php\/wp-json\/wp\/v2\/pages\/701","targetHints":{"allow":["GET"]}}],"collection":[{"href":"https:\/\/ezequielfloresinmobiliaria.com\/index.php\/wp-json\/wp\/v2\/pages"}],"about":[{"href":"https:\/\/ezequielfloresinmobiliaria.com\/index.php\/wp-json\/wp\/v2\/types\/page"}],"author":[{"embeddable":true,"href":"https:\/\/ezequielfloresinmobiliaria.com\/index.php\/wp-json\/wp\/v2\/users\/1"}],"replies":[{"embeddable":true,"href":"https:\/\/ezequielfloresinmobiliaria.com\/index.php\/wp-json\/wp\/v2\/comments?post=701"}],"version-history":[{"count":2,"href":"https:\/\/ezequielfloresinmobiliaria.com\/index.php\/wp-json\/wp\/v2\/pages\/701\/revisions"}],"predecessor-version":[{"id":1507,"href":"https:\/\/ezequielfloresinmobiliaria.com\/index.php\/wp-json\/wp\/v2\/pages\/701\/revisions\/1507"}],"wp:attachment":[{"href":"https:\/\/ezequielfloresinmobiliaria.com\/index.php\/wp-json\/wp\/v2\/media?parent=701"}],"curies":[{"name":"wp","href":"https:\/\/api.w.org\/{rel}","templated":true}]}}